{"id":6848,"date":"2024-09-25T10:20:17","date_gmt":"2024-09-25T10:20:17","guid":{"rendered":"https:\/\/larenspartner.ro\/product\/neuropeptide-gel-eye-more-spot-gel-a-szem-alatti-es-az-arc-rancok-ellen-neuropeptiddel\/"},"modified":"2024-09-25T10:20:17","modified_gmt":"2024-09-25T10:20:17","slug":"neuropeptide-gel-eye-more-spot-gel-a-szem-alatti-es-az-arc-rancok-ellen-neuropeptiddel","status":"publish","type":"product","link":"https:\/\/garofitakozmetika.hu\/en\/product\/neuropeptide-gel-eye-more-spot-gel-a-szem-alatti-es-az-arc-rancok-ellen-neuropeptiddel\/","title":{"rendered":"Neuropeptide Gel Eye &#038; More &#8211; Spot g\u00e9l a szem alatti \u00e9s az arc r\u00e1ncok ellen  neuropeptiddel"},"content":{"rendered":"","protected":false},"excerpt":{"rendered":"<div class=\"details__short pbn ptxs spts mv0\"> Intenz\u00edv spot g\u00e9l a szem alatti \u00e9s az arc r\u00e1ncaira. Bioakt\u00edv hal kollag\u00e9n peptidek komplex\u00e9t \u00e9s egy neuropeptidet tartalmaz, amely aviperam\u00e9reg(templomi vipera) toxinj\u00e1nak hat\u00e1s\u00e1t ut\u00e1nozza, amely ellaz\u00edtja \u00e9s g\u00e1tolja az izom\u00f6sszeh\u00faz\u00f3d\u00e1sokat, megszel\u00edd\u00edtve az arc r\u00e1ncait.<\/p>","protected":false},"featured_media":6412,"comment_status":"open","ping_status":"closed","template":"","meta":[],"pwb-brand":[152],"product_brand":[],"product_cat":[148],"product_tag":[150,151,149],"class_list":{"0":"post-6848","1":"product","2":"type-product","3":"status-publish","4":"has-post-thumbnail","6":"pwb-brand-larens","7":"product_cat-kremek","8":"product_tag-arcapolas","9":"product_tag-kremek","10":"product_tag-larens-kozmeceutikumok","13":"instock","14":"shipping-taxable","15":"purchasable","16":"product-type-simple","17":"product-grid-view"},"brands":[{"id":152,"name":"Larens","slug":"larens"}],"_links":{"self":[{"href":"https:\/\/garofitakozmetika.hu\/en\/wp-json\/wp\/v2\/product\/6848","targetHints":{"allow":["GET"]}}],"collection":[{"href":"https:\/\/garofitakozmetika.hu\/en\/wp-json\/wp\/v2\/product"}],"about":[{"href":"https:\/\/garofitakozmetika.hu\/en\/wp-json\/wp\/v2\/types\/product"}],"replies":[{"embeddable":true,"href":"https:\/\/garofitakozmetika.hu\/en\/wp-json\/wp\/v2\/comments?post=6848"}],"version-history":[{"count":0,"href":"https:\/\/garofitakozmetika.hu\/en\/wp-json\/wp\/v2\/product\/6848\/revisions"}],"wp:featuredmedia":[{"embeddable":true,"href":"https:\/\/garofitakozmetika.hu\/en\/wp-json\/wp\/v2\/media\/6412"}],"wp:attachment":[{"href":"https:\/\/garofitakozmetika.hu\/en\/wp-json\/wp\/v2\/media?parent=6848"}],"wp:term":[{"taxonomy":"pwb-brand","embeddable":true,"href":"https:\/\/garofitakozmetika.hu\/en\/wp-json\/wp\/v2\/pwb-brand?post=6848"},{"taxonomy":"product_brand","embeddable":true,"href":"https:\/\/garofitakozmetika.hu\/en\/wp-json\/wp\/v2\/product_brand?post=6848"},{"taxonomy":"product_cat","embeddable":true,"href":"https:\/\/garofitakozmetika.hu\/en\/wp-json\/wp\/v2\/product_cat?post=6848"},{"taxonomy":"product_tag","embeddable":true,"href":"https:\/\/garofitakozmetika.hu\/en\/wp-json\/wp\/v2\/product_tag?post=6848"}],"curies":[{"name":"wp","href":"https:\/\/api.w.org\/{rel}","templated":true}]}}